{"id":2016,"date":"2025-08-20T20:50:54","date_gmt":"2025-08-20T20:50:54","guid":{"rendered":"https:\/\/agatfoundation.wpengine.com\/?page_id=2016"},"modified":"2025-12-09T15:29:25","modified_gmt":"2025-12-09T15:29:25","slug":"centre-dexcellence-michael-desanti","status":"publish","type":"page","link":"https:\/\/www.agatfoundation.com\/fr\/about-us\/michael-desanti-centre-for-excellence\/","title":{"rendered":"Centre d'excellence Michael DeSanti"},"content":{"rendered":"<div class=\"wp-block-stackable-columns alignfull stk-block-columns stk-block stk-875f19f stk-block-background stk--has-background-overlay\" data-block-id=\"875f19f\"><style>.stk-875f19f {background-color:linear-gradient(123deg,rgb(219,180,47) 70%,rgb(247,222,137) 100%) !important;background-image:url(https:\/\/www.agatfoundation.com\/wp-content\/uploads\/gold-geese-flying-in-v-formation.jpg) !important;background-position:center center !important;background-repeat:no-repeat !important;overflow:hidden !important;padding-top:200px !important;padding-right:80px !important;padding-bottom:170px !important;padding-left:80px !important;margin-bottom:0px !important;opacity:1 !important;}.stk-875f19f:before{opacity:0.5 !important;background-image:linear-gradient(123deg,rgb(219,180,47) 70%,rgb(247,222,137) 100%) !important;}@media screen and (max-width:689px){.stk-875f19f {padding-top:100px !important;padding-right:25px !important;padding-bottom:60px !important;padding-left:25px !important;}}<\/style><div class=\"stk-row stk-inner-blocks has-text-align-left-tablet has-text-align-left-mobile stk-block-content stk-content-align stk-875f19f-column\">\n<div class=\"wp-block-stackable-column stk-block-column stk-column stk-block stk-404da6c\" data-v=\"4\" data-block-id=\"404da6c\"><style>.stk-404da6c-container{margin-top:0px !important;margin-right:0px !important;margin-bottom:0px !important;margin-left:0px !important;}<\/style><div class=\"stk-column-wrapper stk-block-column__content stk-container stk-404da6c-container stk--no-background stk--no-padding\"><div class=\"stk-block-content stk-inner-blocks stk-404da6c-inner-blocks\">\n\n\n<div class=\"wp-block-stackable-heading stk-block-heading stk-block-heading--v2 stk-block stk-891b05a\" id=\"michael-de-santi-centre-for-excellence\" data-block-id=\"891b05a\"><style>.stk-891b05a {margin-bottom:18px !important;}.stk-891b05a .stk-block-heading__text{text-shadow:2px 2px 4px #00000033 !important;color:var(--theme-palette-color-8, #ffffff) !important;line-height:1.1em !important;}@media screen and (max-width:999px){.stk-891b05a {max-width:100% !important;min-width:auto !important;}}<\/style><h1 class=\"stk-block-heading__text has-text-color has-palette-color-8-color\">Centre d'excellence Michael DeSanti.<\/h1><\/div>\n\n\n\n<div class=\"wp-block-stackable-text stk-block-text stk-block stk-07e839a\" data-block-id=\"07e839a\"><style>.stk-07e839a {max-width:60% !important;min-width:auto !important;margin-bottom:40px !important;}.stk-07e839a .stk-block-text__text{font-size:22px !important;color:var(--theme-palette-color-8, #ffffff) !important;}@media screen and (max-width:999px){.stk-07e839a .stk-block-text__text{font-size:22px !important;}}<\/style><p class=\"stk-block-text__text has-text-color has-palette-color-5-color has-text-align-left-mobile\">Un espace d\u00e9di\u00e9 \u00e0 l\u2019apprentissage, \u00e0 l\u2019innovation et aux \u00e9changes.<\/p><\/div>\n<\/div><\/div><\/div>\n<\/div><\/div>\n\n\n\n<div class=\"wp-block-stackable-spacer stk-block-spacer stk--no-padding stk-block stk-351fd8a\" data-block-id=\"351fd8a\"><style>.stk-351fd8a {height:60px !important;}@media screen and (max-width:999px){.stk-351fd8a {height:50px !important;}}<\/style><\/div>\n\n\n\n<div class=\"wp-block-stackable-columns stk-block-columns stk-block stk-e2872ad\" data-block-id=\"e2872ad\"><style>.stk-e2872ad-column{max-width:80% !important;min-width:auto !important;}<\/style><div class=\"stk-row stk-inner-blocks stk-block-content stk-content-align stk-e2872ad-column\">\n<div class=\"wp-block-stackable-column stk-block-column stk-column stk-block stk-139f69b\" data-v=\"4\" data-block-id=\"139f69b\"><div class=\"stk-column-wrapper stk-block-column__content stk-container stk-139f69b-container stk--no-background stk--no-padding\"><div class=\"stk-block-content stk-inner-blocks stk-139f69b-inner-blocks\">\n<div class=\"wp-block-stackable-heading stk-block-heading stk-block-heading--v2 stk-block stk-3b0f439\" id=\"discover-the-michael-de-santi-centre-for-excellence\" data-block-id=\"3b0f439\"><style>.stk-3b0f439 {margin-bottom:34px !important;}.stk-3b0f439 .stk-block-heading__text{line-height:1.2em !important;}<\/style><h2 class=\"stk-block-heading__text\">D\u00e9couvrez le Centre d'excellence Michael DeSanti<\/h2><\/div>\n\n\n\n<div class=\"wp-block-stackable-text stk-block-text stk-block stk-113aaf9\" data-block-id=\"113aaf9\"><p class=\"stk-block-text__text\">Le Centre d\u2019excellence Michael DeSanti est un auditorium \u00e0 la fine pointe de la technologie, con\u00e7u pour favoriser l\u2019apprentissage, les \u00e9changes et la collaboration. Dot\u00e9 d\u2019\u00e9quipements avanc\u00e9s permettant la diffusion en direct et la diffusion num\u00e9rique, il constitue le point central \u00e0 partir duquel prennent vie l\u2019ensemble des programmes et des diffusions du Centre.<\/p><\/div>\n\n\n\n<div class=\"wp-block-stackable-text stk-block-text stk-block stk-df778a1\" data-block-id=\"df778a1\"><p class=\"stk-block-text__text\">Enti\u00e8rement d\u00e9di\u00e9 \u00e0 l\u2019avancement des initiatives fond\u00e9es sur le savoir, le Centre rayonne bien au-del\u00e0 de ses murs en partageant des perspectives sur les multiples dimensions de la vie contemporaine. Plus qu\u2019un simple lieu, il s\u2019agit d\u2019un espace d\u2019excellence et de dialogue, l\u00e0 o\u00f9 les id\u00e9es circulent, les communaut\u00e9s se rassemblent et l\u2019innovation prend forme.<\/p><\/div>\n\n\n\n<div class=\"wp-block-stackable-text stk-block-text stk-block stk-c615dca\" data-block-id=\"c615dca\"><p class=\"stk-block-text__text\">En alliant des infrastructures modernes \u00e0 une mission d\u2019accessibilit\u00e9, le Centre d\u2019excellence Michael DeSanti veille \u00e0 ce que le savoir, les \u00e9changes et la d\u00e9couverte puissent \u00eatre v\u00e9cus sur place comme partag\u00e9s avec des publics, partout.<\/p><\/div>\n<\/div><\/div><\/div>\n<\/div><\/div>\n\n\n\n<div class=\"wp-block-stackable-spacer stk-block-spacer stk--no-padding stk-block stk-54e71a5\" data-block-id=\"54e71a5\"><style>.stk-54e71a5 {height:70px !important;}@media screen and (max-width:999px){.stk-54e71a5 {height:50px !important;}}<\/style><\/div>\n\n\n\n<div class=\"wp-block-stackable-heading stk-block-heading stk-block-heading--v2 stk-block stk-9bea3bb\" id=\"photo-gallery\" data-block-id=\"9bea3bb\"><style>.stk-9bea3bb {margin-bottom:34px !important;}.stk-9bea3bb .stk-block-heading__text{line-height:1.2em !important;}<\/style><h2 class=\"stk-block-heading__text has-text-align-center\">Galerie de photos<\/h2><\/div>\n\n\n<ul class=\"filebird-block-filebird-gallery wp-block-gallery blocks-gallery-grid columns-3 is-cropped\" style=\"--columns: 3;--space: 0px;--min-width: 0px;\"><li class=\"blocks-gallery-item\"><figure><img loading=\"lazy\" decoding=\"async\" width=\"1920\" height=\"1280\" src=\"https:\/\/www.agatfoundation.com\/wp-content\/uploads\/2025-07-10-2420-interior-exterior-elliot-negelev-0046.jpg\" alt=\"La sc\u00e8ne du Centre d&#039;excellence Michael DeSanti avec l&#039;\u00e9cran de la marque AGAT Laboratories.\" class=\"wp-image-2024\" srcset=\"https:\/\/www.agatfoundation.com\/wp-content\/uploads\/2025-07-10-2420-interior-exterior-elliot-negelev-0046.jpg 1920w, https:\/\/www.agatfoundation.com\/wp-content\/uploads\/2025-07-10-2420-interior-exterior-elliot-negelev-0046-300x200.jpg 300w, https:\/\/www.agatfoundation.com\/wp-content\/uploads\/2025-07-10-2420-interior-exterior-elliot-negelev-0046-1024x683.jpg 1024w, https:\/\/www.agatfoundation.com\/wp-content\/uploads\/2025-07-10-2420-interior-exterior-elliot-negelev-0046-768x512.jpg 768w, https:\/\/www.agatfoundation.com\/wp-content\/uploads\/2025-07-10-2420-interior-exterior-elliot-negelev-0046-1536x1024.jpg 1536w, https:\/\/www.agatfoundation.com\/wp-content\/uploads\/2025-07-10-2420-interior-exterior-elliot-negelev-0046-600x400.jpg 600w\" sizes=\"auto, (max-width: 1920px) 100vw, 1920px\" \/><\/figure><\/li><li class=\"blocks-gallery-item\"><figure><img loading=\"lazy\" decoding=\"async\" width=\"1920\" height=\"1280\" src=\"https:\/\/www.agatfoundation.com\/wp-content\/uploads\/2025-07-10-2420-interior-exterior-elliot-negelev-0043.jpg\" alt=\"Vue frontale du podium AGAT et du mur vid\u00e9o \u00e0 l&#039;int\u00e9rieur du Centre d&#039;excellence Michael DeSanti.\" class=\"wp-image-2023\" srcset=\"https:\/\/www.agatfoundation.com\/wp-content\/uploads\/2025-07-10-2420-interior-exterior-elliot-negelev-0043.jpg 1920w, https:\/\/www.agatfoundation.com\/wp-content\/uploads\/2025-07-10-2420-interior-exterior-elliot-negelev-0043-300x200.jpg 300w, https:\/\/www.agatfoundation.com\/wp-content\/uploads\/2025-07-10-2420-interior-exterior-elliot-negelev-0043-1024x683.jpg 1024w, https:\/\/www.agatfoundation.com\/wp-content\/uploads\/2025-07-10-2420-interior-exterior-elliot-negelev-0043-768x512.jpg 768w, https:\/\/www.agatfoundation.com\/wp-content\/uploads\/2025-07-10-2420-interior-exterior-elliot-negelev-0043-1536x1024.jpg 1536w, https:\/\/www.agatfoundation.com\/wp-content\/uploads\/2025-07-10-2420-interior-exterior-elliot-negelev-0043-600x400.jpg 600w\" sizes=\"auto, (max-width: 1920px) 100vw, 1920px\" \/><\/figure><\/li><li class=\"blocks-gallery-item\"><figure><img loading=\"lazy\" decoding=\"async\" width=\"1920\" height=\"1280\" src=\"https:\/\/www.agatfoundation.com\/wp-content\/uploads\/2025-07-10-2420-interior-exterior-elliot-negelev-0042.jpg\" alt=\"Installation d&#039;une sc\u00e8ne et d&#039;un mur vid\u00e9o dans l&#039;auditorium du Centre d&#039;excellence Michael DeSanti.\" class=\"wp-image-2022\" srcset=\"https:\/\/www.agatfoundation.com\/wp-content\/uploads\/2025-07-10-2420-interior-exterior-elliot-negelev-0042.jpg 1920w, https:\/\/www.agatfoundation.com\/wp-content\/uploads\/2025-07-10-2420-interior-exterior-elliot-negelev-0042-300x200.jpg 300w, https:\/\/www.agatfoundation.com\/wp-content\/uploads\/2025-07-10-2420-interior-exterior-elliot-negelev-0042-1024x683.jpg 1024w, https:\/\/www.agatfoundation.com\/wp-content\/uploads\/2025-07-10-2420-interior-exterior-elliot-negelev-0042-768x512.jpg 768w, https:\/\/www.agatfoundation.com\/wp-content\/uploads\/2025-07-10-2420-interior-exterior-elliot-negelev-0042-1536x1024.jpg 1536w, https:\/\/www.agatfoundation.com\/wp-content\/uploads\/2025-07-10-2420-interior-exterior-elliot-negelev-0042-600x400.jpg 600w\" sizes=\"auto, (max-width: 1920px) 100vw, 1920px\" \/><\/figure><\/li><li class=\"blocks-gallery-item\"><figure><img loading=\"lazy\" decoding=\"async\" width=\"1920\" height=\"1280\" src=\"https:\/\/www.agatfoundation.com\/wp-content\/uploads\/2025-07-10-2420-interior-exterior-elliot-negelev-0041.jpg\" alt=\"Vue large de l&#039;auditorium du Centre d&#039;excellence Michael DeSanti avec le podium, la sc\u00e8ne et le mur vid\u00e9o.\" class=\"wp-image-2021\" srcset=\"https:\/\/www.agatfoundation.com\/wp-content\/uploads\/2025-07-10-2420-interior-exterior-elliot-negelev-0041.jpg 1920w, https:\/\/www.agatfoundation.com\/wp-content\/uploads\/2025-07-10-2420-interior-exterior-elliot-negelev-0041-300x200.jpg 300w, https:\/\/www.agatfoundation.com\/wp-content\/uploads\/2025-07-10-2420-interior-exterior-elliot-negelev-0041-1024x683.jpg 1024w, https:\/\/www.agatfoundation.com\/wp-content\/uploads\/2025-07-10-2420-interior-exterior-elliot-negelev-0041-768x512.jpg 768w, https:\/\/www.agatfoundation.com\/wp-content\/uploads\/2025-07-10-2420-interior-exterior-elliot-negelev-0041-1536x1024.jpg 1536w, https:\/\/www.agatfoundation.com\/wp-content\/uploads\/2025-07-10-2420-interior-exterior-elliot-negelev-0041-600x400.jpg 600w\" sizes=\"auto, (max-width: 1920px) 100vw, 1920px\" \/><\/figure><\/li><li class=\"blocks-gallery-item\"><figure><img loading=\"lazy\" decoding=\"async\" width=\"1920\" height=\"1280\" src=\"https:\/\/www.agatfoundation.com\/wp-content\/uploads\/2025-07-10-2420-interior-exterior-elliot-negelev-0039.jpg\" alt=\"Vue en angle du mur de l&#039;auditorium des laboratoires AGAT et des si\u00e8ges \u00e0 l&#039;int\u00e9rieur du Centre d&#039;excellence Michael DeSanti.\" class=\"wp-image-2020\" srcset=\"https:\/\/www.agatfoundation.com\/wp-content\/uploads\/2025-07-10-2420-interior-exterior-elliot-negelev-0039.jpg 1920w, https:\/\/www.agatfoundation.com\/wp-content\/uploads\/2025-07-10-2420-interior-exterior-elliot-negelev-0039-300x200.jpg 300w, https:\/\/www.agatfoundation.com\/wp-content\/uploads\/2025-07-10-2420-interior-exterior-elliot-negelev-0039-1024x683.jpg 1024w, https:\/\/www.agatfoundation.com\/wp-content\/uploads\/2025-07-10-2420-interior-exterior-elliot-negelev-0039-768x512.jpg 768w, https:\/\/www.agatfoundation.com\/wp-content\/uploads\/2025-07-10-2420-interior-exterior-elliot-negelev-0039-1536x1024.jpg 1536w, https:\/\/www.agatfoundation.com\/wp-content\/uploads\/2025-07-10-2420-interior-exterior-elliot-negelev-0039-600x400.jpg 600w\" sizes=\"auto, (max-width: 1920px) 100vw, 1920px\" \/><\/figure><\/li><li class=\"blocks-gallery-item\"><figure><img loading=\"lazy\" decoding=\"async\" width=\"1920\" height=\"1280\" src=\"https:\/\/www.agatfoundation.com\/wp-content\/uploads\/2025-07-10-2420-interior-exterior-elliot-negelev-0037.jpg\" alt=\"L&#039;auditorium du Centre d&#039;excellence Michael DeSanti avec le logo des Laboratoires AGAT sur le mur et les si\u00e8ges.\" class=\"wp-image-2019\" srcset=\"https:\/\/www.agatfoundation.com\/wp-content\/uploads\/2025-07-10-2420-interior-exterior-elliot-negelev-0037.jpg 1920w, https:\/\/www.agatfoundation.com\/wp-content\/uploads\/2025-07-10-2420-interior-exterior-elliot-negelev-0037-300x200.jpg 300w, https:\/\/www.agatfoundation.com\/wp-content\/uploads\/2025-07-10-2420-interior-exterior-elliot-negelev-0037-1024x683.jpg 1024w, https:\/\/www.agatfoundation.com\/wp-content\/uploads\/2025-07-10-2420-interior-exterior-elliot-negelev-0037-768x512.jpg 768w, https:\/\/www.agatfoundation.com\/wp-content\/uploads\/2025-07-10-2420-interior-exterior-elliot-negelev-0037-1536x1024.jpg 1536w, https:\/\/www.agatfoundation.com\/wp-content\/uploads\/2025-07-10-2420-interior-exterior-elliot-negelev-0037-600x400.jpg 600w\" sizes=\"auto, (max-width: 1920px) 100vw, 1920px\" \/><\/figure><\/li><\/ul>\n\n\n<div class=\"wp-block-stackable-spacer stk-block-spacer stk--no-padding stk-block stk-4908a57\" data-block-id=\"4908a57\"><style>.stk-4908a57 {height:100px !important;}@media screen and (max-width:999px){.stk-4908a57 {height:80px !important;}}<\/style><\/div>","protected":false},"excerpt":{"rendered":"<p>Discover the Michael DeSanti Centre for Excellence\u2014a modern auditorium designed for learning, innovation, and connection, supporting live events, broadcasts, and community engagement.<\/p>","protected":false},"author":2,"featured_media":1840,"parent":593,"menu_order":0,"comment_status":"closed","ping_status":"closed","template":"","meta":{"footnotes":""},"class_list":["post-2016","page","type-page","status-publish","has-post-thumbnail","hentry"],"blocksy_meta":{"styles_descriptor":{"styles":{"desktop":"","tablet":"","mobile":""},"google_fonts":[],"version":6}},"aioseo_notices":[],"featured_image_src":"https:\/\/www.agatfoundation.com\/wp-content\/uploads\/gold-geese-flying-in-v-formation-600x400.jpg","featured_image_src_square":"https:\/\/www.agatfoundation.com\/wp-content\/uploads\/gold-geese-flying-in-v-formation-600x600.jpg","_links":{"self":[{"href":"https:\/\/www.agatfoundation.com\/fr\/wp-json\/wp\/v2\/pages\/2016","targetHints":{"allow":["GET"]}}],"collection":[{"href":"https:\/\/www.agatfoundation.com\/fr\/wp-json\/wp\/v2\/pages"}],"about":[{"href":"https:\/\/www.agatfoundation.com\/fr\/wp-json\/wp\/v2\/types\/page"}],"author":[{"embeddable":true,"href":"https:\/\/www.agatfoundation.com\/fr\/wp-json\/wp\/v2\/users\/2"}],"replies":[{"embeddable":true,"href":"https:\/\/www.agatfoundation.com\/fr\/wp-json\/wp\/v2\/comments?post=2016"}],"version-history":[{"count":0,"href":"https:\/\/www.agatfoundation.com\/fr\/wp-json\/wp\/v2\/pages\/2016\/revisions"}],"up":[{"embeddable":true,"href":"https:\/\/www.agatfoundation.com\/fr\/wp-json\/wp\/v2\/pages\/593"}],"wp:featuredmedia":[{"embeddable":true,"href":"https:\/\/www.agatfoundation.com\/fr\/wp-json\/wp\/v2\/media\/1840"}],"wp:attachment":[{"href":"https:\/\/www.agatfoundation.com\/fr\/wp-json\/wp\/v2\/media?parent=2016"}],"curies":[{"name":"wp","href":"https:\/\/api.w.org\/{rel}","templated":true}]}}